{"id":1399,"date":"2025-01-29T10:38:25","date_gmt":"2025-01-29T10:38:25","guid":{"rendered":"https:\/\/asmaria.org\/?page_id=1399"},"modified":"2025-06-04T10:41:57","modified_gmt":"2025-06-04T10:41:57","slug":"aliados-reparadores","status":"publish","type":"page","link":"https:\/\/asmaria.org\/en\/aliados-reparadores\/","title":{"rendered":"Aliados reparadores"},"content":{"rendered":"<p>[et_pb_section fb_built=&#8221;1&#8243; _builder_version=&#8221;4.27.4&#8243; _module_preset=&#8221;default&#8221; custom_margin=&#8221;0px|0px|0px|0px|false|false&#8221; custom_padding=&#8221;0px|0px|0px|0px|false|false&#8221; global_colors_info=&#8221;{}&#8221;][et_pb_row _builder_version=&#8221;4.27.4&#8243; _module_preset=&#8221;default&#8221; width=&#8221;100%&#8221; max_width=&#8221;100%&#8221; custom_margin=&#8221;0px|0px|0px|0px|false|false&#8221; custom_padding=&#8221;0px|0px|0px|0px|false|false&#8221; global_colors_info=&#8221;{}&#8221;][et_pb_column type=&#8221;4_4&#8243; _builder_version=&#8221;4.27.4&#8243; _module_preset=&#8221;default&#8221; global_colors_info=&#8221;{}&#8221;][et_pb_code raw_content_tablet=&#8221;<\/p>\n<div class=%22img-cab%22>\n<\/div>\n<style>\n  .img-cab{\n    background-image:url(%22https:\/\/asmaria.org\/wp-content\/uploads\/2025\/04\/HEADER_ALIADOS-REPARADORES-copia-1-scaled.jpg%22);\n    padding:10%;\n    background-position-y:30%;\n    text-align:center;\n    font-family:Montserrat;\n    background-size:cover;\n    font-weight:700;\n    color:white;\n    font-size:60px;\n  }\n<\/style>\n<p>&#8221; raw_content_phone=&#8221;<\/p>\n<div class=%22img-cab%22>\n<\/div>\n<style>\n  .img-cab{\n    background-image:url(%22https:\/\/asmaria.org\/wp-content\/uploads\/2025\/04\/HEADER_ALIADOS-REPARADORES-copia-1-scaled.jpg%22);\n    padding:20%;\n    background-position-y:30%;\n    text-align:center;\n    font-family:Montserrat;\n    background-size:cover;\n    font-weight:700;\n    color:white;\n    font-size:60px;\n  }\n<\/style>\n<p>&#8221; raw_content_last_edited=&#8221;on|tablet&#8221; _builder_version=&#8221;4.27.4&#8243; _module_preset=&#8221;default&#8221; global_colors_info=&#8221;{}&#8221;]<\/p>\n<div class=\"img-cab\"><!-- [et_pb_line_break_holder] -->  <!-- [et_pb_line_break_holder] --><\/div>\n<p><!-- [et_pb_line_break_holder] --><!-- [et_pb_line_break_holder] --><\/p>\n<style><!-- [et_pb_line_break_holder] -->  .img-cab{<!-- [et_pb_line_break_holder] -->    background-image: url(\"https:\/\/asmaria.org\/wp-content\/uploads\/2025\/04\/HEADER_ALIADOS-REPARADORES-copia-1-scaled.jpg\");<!-- [et_pb_line_break_holder] --><!-- [et_pb_line_break_holder] -->  \/* Set a specific height *\/<!-- [et_pb_line_break_holder] -->  min-height: 500px;<!-- [et_pb_line_break_holder] --><!-- [et_pb_line_break_holder] -->  \/* Create the parallax scrolling effect *\/<!-- [et_pb_line_break_holder] -->  background-attachment: fixed;<!-- [et_pb_line_break_holder] -->  background-position: center;<!-- [et_pb_line_break_holder] -->  background-repeat: no-repeat;<!-- [et_pb_line_break_holder] -->  background-size: cover;<!-- [et_pb_line_break_holder] -->  }<!-- [et_pb_line_break_holder] --><\/style>\n<p>[\/et_pb_code][\/et_pb_column][\/et_pb_row][\/et_pb_section][et_pb_section fb_built=&#8221;1&#8243; _builder_version=&#8221;4.27.4&#8243; _module_preset=&#8221;default&#8221; custom_margin=&#8221;0px|0px|0px|0px|false|false&#8221; custom_padding=&#8221;0px|0px|0px|0px|false|false&#8221; global_colors_info=&#8221;{}&#8221;][et_pb_row _builder_version=&#8221;4.27.4&#8243; _module_preset=&#8221;default&#8221; width=&#8221;100%&#8221; max_width=&#8221;100%&#8221; custom_margin=&#8221;0px|0px|0px|0px|false|false&#8221; custom_padding=&#8221;0px|0px|0px|0px|false|false&#8221; global_colors_info=&#8221;{}&#8221;][et_pb_column type=&#8221;4_4&#8243; _builder_version=&#8221;4.27.4&#8243; _module_preset=&#8221;default&#8221; global_colors_info=&#8221;{}&#8221;][et_pb_code raw_content_tablet=&#8221;  <\/p>\n<div class=%22aliados%22>\n<h3>\n      ALIADOS REPARADORES<br \/>\n    <\/h3>\n<p><\/br>\n    <p01>Os Aliados Reparadores de Santa Maria s\u00e3o leigos ligados \u00e0 Congrega\u00e7\u00e3o que, mantendo o estilo de vida laical nos seus contextos familiares e laborais, assumem um compromisso de ora\u00e7\u00e3o mais intensa e um estilo de vida marcado pela repara\u00e7\u00e3o. Trata-se de um grupo com o qual a Congrega\u00e7\u00e3o conta como suporte orante, n\u00e3o s\u00f3 da sua vida consagrada, mas de toda a atividade apost\u00f3lica. <\/br><br \/>\nOs Aliados Reparadores seguem uma regra de vida inspirada no carisma das irm\u00e3s da Alian\u00e7a de Santa Maria, que consiste em 4 grandes pilares:<\/p01>\n  <\/div>\n<div class=%22grid-container-aliados%22>\n<div class=%22grid-item-aliados%22>\n<h2>\n      ORA\u00c7\u00c3O<br \/>\n    <\/h2>\n<p03>\n      \u00e9 pedido o compromisso de fazer pelo menos duas horas de adora\u00e7\u00e3o eucar\u00edstica semanal, rezar o ros\u00e1rio (tr\u00eas ter\u00e7os) todos os dias, sendo um deles rezado em repara\u00e7\u00e3o ao Cora\u00e7\u00e3o Imaculado de Maria pela Paz no mundo, e participar num retiro anual de, pelo menos, um fim de semana.\n    <\/p03>\n  <\/div>\n<div class=%22grid-item-aliados%22>\n<h2>\n      REAPARA\u00c7\u00c3O<br \/>\n    <\/h2>\n<p03>\nchamamento a viver a vida em oferta reparadora, incluindo fazer a devo\u00e7\u00e3o dos cinco Primeiros S\u00e1bados, individualmente ou em comunidade, de forma continuada.    <\/p03>\n  <\/div>\n<div class=%22grid-item-aliados%22>\n<h2>\n      CARIDADE<br \/>\n    <\/h2>\n<p03>\nter em conta as obras de Miseric\u00f3rdia procurando, no quotidiano e na ora\u00e7\u00e3o, pratic\u00e1-las consoante as suas possibilidades. Devem ter em considera\u00e7\u00e3o que o fundamento destas obras \u00e9 um cora\u00e7\u00e3o unido ao Senhor, livre e generoso, com desejo de servir os irm\u00e3os, especialmente os mais fr\u00e1geis.  <\/div>\n<div class=%22grid-item-aliados%22>\n<h2>\n      UNIDADE<br \/>\n    <\/h2>\n<p03>\na coer\u00eancia de vida crist\u00e3 \u00e9 pedida a cada Aliado Reparador, como a qualquer outro crist\u00e3o, o que implica estar em comunh\u00e3o com o magist\u00e9rio da Igreja e viver de acordo o seu estado de vida. Por outro lado, \u00e9 pedida uma Unidade para com a Congrega\u00e7\u00e3o, atrav\u00e9s do compromisso de rezar, cuidar, e viver a essa mesma Unidade, caracter\u00edstica espec\u00edfica da Congrega\u00e7\u00e3o da Alian\u00e7a de Santa Maria, e do cuidado por manter um contacto frequente com alguma das irm\u00e3s.\n<\/div>\n<style>\n<p>  .aliados{\n   padding:5% 20%;\n    text-align: left;\n  text-justify: inter-word;\n    color:black;\n  }\n  .grid-container-aliados{\n    display:grid;\n    grid-template-columns:49% 49%;\n    padding:0 5% 5% 5%;\n    row-gap:2%;\n    column-gap:2%;\n    margin:5% 0 10% 0;\n  }\n  .grid-item-aliados{\n    background-color:#475160;\n    text-align:center;\n    padding:7%;\n  }\n  p01{\n    font-family:Montserrat;\n    font-size:15px;\n  }\n  h2{\n    font-family:Montserrat;\n    font-size:22px;\n    font-weight:700;\n    color:#ad945d;\n  }\n  p03{\n    font-family:Montserrat;\n    font-size:15px;\n    color:white;\n  }\nh3{\n    font-family:Montserrat;\n    font-weight:700;\n    font-size:30px;\n  }<\/p>\n<\/style>\n<p>&#8221; raw_content_phone=&#8221;  <\/p>\n<div class=%22aliados%22>\n<h3>\n      ALIADOS REPARADORES<br \/>\n    <\/h3>\n<p><\/br>\n    <p01>Os Aliados Reparadores de Santa Maria s\u00e3o leigos ligados \u00e0 Congrega\u00e7\u00e3o que, mantendo o estilo de vida laical nos seus contextos familiares e laborais, assumem um compromisso de ora\u00e7\u00e3o mais intensa e um estilo de vida marcado pela repara\u00e7\u00e3o. Trata-se de um grupo com o qual a Congrega\u00e7\u00e3o conta como suporte orante, n\u00e3o s\u00f3 da sua vida consagrada, mas de toda a atividade apost\u00f3lica. <\/br><\/br><br \/>\nOs Aliados Reparadores seguem uma regra de vida inspirada no carisma das irm\u00e3s da Alian\u00e7a de Santa Maria, que consiste em 4 grandes pilares:<\/p01>\n  <\/div>\n<div class=%22grid-container-aliados%22>\n<div class=%22grid-item-aliados%22>\n<h2>\n      ORA\u00c7\u00c3O<br \/>\n    <\/h2>\n<p03>\n      \u00e9 pedido o compromisso de fazer pelo menos duas horas de adora\u00e7\u00e3o eucar\u00edstica semanal, rezar o ros\u00e1rio (tr\u00eas ter\u00e7os) todos os dias, sendo um deles rezado em repara\u00e7\u00e3o ao Cora\u00e7\u00e3o Imaculado de Maria pela Paz no mundo, e participar num retiro anual de, pelo menos, um fim de semana.\n    <\/p03>\n  <\/div>\n<div class=%22grid-item-aliados%22>\n<h2>\n      REAPARA\u00c7\u00c3O<br \/>\n    <\/h2>\n<p03>\nchamamento a viver a vida em oferta reparadora, incluindo fazer a devo\u00e7\u00e3o dos cinco Primeiros S\u00e1bados, individualmente ou em comunidade, de forma continuada.    <\/p03>\n  <\/div>\n<div class=%22grid-item-aliados%22>\n<h2>\n      CARIDADE<br \/>\n    <\/h2>\n<p03>\nter em conta as obras de Miseric\u00f3rdia procurando, no quotidiano e na ora\u00e7\u00e3o, pratic\u00e1-las consoante as suas possibilidades. Devem ter em considera\u00e7\u00e3o que o fundamento destas obras \u00e9 um cora\u00e7\u00e3o unido ao Senhor, livre e generoso, com desejo de servir os irm\u00e3os, especialmente os mais fr\u00e1geis.  <\/div>\n<div class=%22grid-item-aliados%22>\n<h2>\n      UNIDADE<br \/>\n    <\/h2>\n<p03>\na coer\u00eancia de vida crist\u00e3 \u00e9 pedida a cada Aliado Reparador, como a qualquer outro crist\u00e3o, o que implica estar em comunh\u00e3o com o magist\u00e9rio da Igreja e viver de acordo o seu estado de vida. Por outro lado, \u00e9 pedida uma Unidade para com a Congrega\u00e7\u00e3o, atrav\u00e9s do compromisso de rezar, cuidar, e viver a essa mesma Unidade, caracter\u00edstica espec\u00edfica da Congrega\u00e7\u00e3o da Alian\u00e7a de Santa Maria, e do cuidado por manter um contacto frequente com alguma das irm\u00e3s.\n<\/div>\n<style>\n<p>  .aliados{\n   padding:5% 5%;\n    text-align: left;\n  text-justify: inter-word;\n    color:black;\n  }\n  .grid-container-aliados{\n    display:grid;\n    grid-template-columns:100%;\n    padding:0 5% 5% 5%;\n    row-gap:2%;\n    margin:5% 0 10% 0;\n  }\n  .grid-item-aliados{\n    background-color:#475160;\n    text-align:center;\n    padding:7%;\n  }<\/p>\n<p>  p01{\n    font-family:Montserrat;\n    font-size:15px;\n    letter-spacing:-.8px\n  }\n  h2{\n    font-family:Montserrat;\n    font-size:22px;\n    font-weight:700;\n    color:#ad945d;\n  }\n  p03{\n    font-family:Montserrat;\n    font-size:15px;\n    color:white;\n  }\nh3{\n    font-family:Montserrat;\n    font-weight:700;\n    font-size:30px;\n  }<\/p>\n<\/style>\n<p>&#8221; raw_content_last_edited=&#8221;on|phone&#8221; _builder_version=&#8221;4.27.4&#8243; _module_preset=&#8221;default&#8221; global_colors_info=&#8221;{}&#8221;]  <\/p>\n<div class=\"aliados\"><!-- [et_pb_line_break_holder] -->    <\/p>\n<h3><!-- [et_pb_line_break_holder] -->      ALIADOS REPARADORES<!-- [et_pb_line_break_holder] -->    <\/h3>\n<p><\/br><!-- [et_pb_line_break_holder] -->    <p01>Os Aliados Reparadores de Santa Maria s\u00e3o leigos ligados \u00e0 Congrega\u00e7\u00e3o que, mantendo o estilo de vida laical nos seus contextos familiares e laborais, assumem um compromisso de ora\u00e7\u00e3o mais intensa e um estilo de vida marcado pela repara\u00e7\u00e3o. Trata-se de um grupo com o qual a Congrega\u00e7\u00e3o conta como suporte orante, n\u00e3o s\u00f3 da sua vida consagrada, mas de toda a atividade apost\u00f3lica. <\/br><\/br><!-- [et_pb_line_break_holder] -->Os Aliados Reparadores seguem uma regra de vida inspirada no carisma das irm\u00e3s da Alian\u00e7a de Santa Maria, que consiste em 4 grandes pilares:<\/p01><!-- [et_pb_line_break_holder] -->  <\/div>\n<p><!-- [et_pb_line_break_holder] --><!-- [et_pb_line_break_holder] --><!-- [et_pb_line_break_holder] --><\/p>\n<style><!-- [et_pb_line_break_holder] --><!-- [et_pb_line_break_holder] -->  .aliados{<!-- [et_pb_line_break_holder] -->   padding:5% 20%;<!-- [et_pb_line_break_holder] -->    text-align: left;<!-- [et_pb_line_break_holder] -->  text-justify: inter-word;<!-- [et_pb_line_break_holder] -->    color:Black<!-- [et_pb_line_break_holder] -->  }<!-- [et_pb_line_break_holder] -->  .grid-container-aliados{<!-- [et_pb_line_break_holder] -->    display:grid;<!-- [et_pb_line_break_holder] -->    grid-template-columns:23.5% 23.5% 23.5% 23.5%;<!-- [et_pb_line_break_holder] -->    padding:0 5% 5% 5%;<!-- [et_pb_line_break_holder] -->    column-gap:2%;<!-- [et_pb_line_break_holder] -->  }<!-- [et_pb_line_break_holder] -->  .grid-item-aliados{<!-- [et_pb_line_break_holder] -->    background-color:#475160;<!-- [et_pb_line_break_holder] -->    text-align:center;<!-- [et_pb_line_break_holder] -->    padding:7%;<!-- [et_pb_line_break_holder] -->    transition:all .5s ease-out 100ms;<!-- [et_pb_line_break_holder] -->  }<!-- [et_pb_line_break_holder] -->  .grid-item-aliados:hover{<!-- [et_pb_line_break_holder] -->    transform: translateY(-10%);<!-- [et_pb_line_break_holder] -->  }<!-- [et_pb_line_break_holder] -->  p01{<!-- [et_pb_line_break_holder] -->    font-family:Montserrat;<!-- [et_pb_line_break_holder] -->    font-size:18px;<!-- [et_pb_line_break_holder] -->  }<!-- [et_pb_line_break_holder] -->  h2{<!-- [et_pb_line_break_holder] -->    font-family:Montserrat;<!-- [et_pb_line_break_holder] -->    font-size:22px;<!-- [et_pb_line_break_holder] -->    font-weight:700;<!-- [et_pb_line_break_holder] -->    color:#ad945d;<!-- [et_pb_line_break_holder] -->  }<!-- [et_pb_line_break_holder] -->  p03{<!-- [et_pb_line_break_holder] -->    font-family:Montserrat;<!-- [et_pb_line_break_holder] -->    font-size:15px;<!-- [et_pb_line_break_holder] -->    color:white;<!-- [et_pb_line_break_holder] -->  }<!-- [et_pb_line_break_holder] -->h3{<!-- [et_pb_line_break_holder] -->    font-family:Montserrat;<!-- [et_pb_line_break_holder] -->    font-weight:700;<!-- [et_pb_line_break_holder] -->    font-size:40px;<!-- [et_pb_line_break_holder] -->  }<!-- [et_pb_line_break_holder] -->  <!-- [et_pb_line_break_holder] --><\/style>\n<p><!-- [et_pb_line_break_holder] --><!-- [et_pb_line_break_holder] --><!DOCTYPE html><!-- [et_pb_line_break_holder] --><html lang=\"pt-br\"><!-- [et_pb_line_break_holder] --><head><!-- [et_pb_line_break_holder] -->    <meta charset=\"UTF-8\"><!-- [et_pb_line_break_holder] -->    <meta name=\"viewport\" content=\"width=device-width, initial-scale=1.0\"><!-- [et_pb_line_break_holder] -->    <meta http-equiv=\"X-UA-Compatible\" content=\"ie=edge\"><!-- [et_pb_line_break_holder] --><\/head><!-- [et_pb_line_break_holder] --><body><!-- [et_pb_line_break_holder] -->  <\/p>\n<div class=\"container7\"><!-- [et_pb_line_break_holder] -->    <\/p>\n<div class=\"card\"><!-- [et_pb_line_break_holder] -->      <\/p>\n<div class=\"face face1\"><!-- [et_pb_line_break_holder] -->        <\/p>\n<div class=\"content\"><!-- [et_pb_line_break_holder] -->          <p5>\u00c9 pedido o compromisso de fazer pelo menos duas horas de adora\u00e7\u00e3o eucar\u00edstica semanal, rezar o ros\u00e1rio (tr\u00eas ter\u00e7os) todos os dias, sendo um deles rezado em repara\u00e7\u00e3o ao Cora\u00e7\u00e3o Imaculado de Maria pela Paz no mundo, e participar num retiro anual de, pelo menos, um fim de semana.<!-- [et_pb_line_break_holder] --><\/p5><!-- [et_pb_line_break_holder] -->        <\/div>\n<p><!-- [et_pb_line_break_holder] -->      <\/div>\n<p><!-- [et_pb_line_break_holder] -->      <\/p>\n<div class=\"face face2\"><!-- [et_pb_line_break_holder] -->        <\/p>\n<h2>ORA\u00c7\u00c3O<\/h2>\n<p><!-- [et_pb_line_break_holder] -->      <\/div>\n<p><!-- [et_pb_line_break_holder] -->    <\/div>\n<p><!-- [et_pb_line_break_holder] -->    <\/p>\n<div class=\"card\"><!-- [et_pb_line_break_holder] -->      <\/p>\n<div class=\"face face1\"><!-- [et_pb_line_break_holder] -->        <\/p>\n<div class=\"content\"><!-- [et_pb_line_break_holder] -->          <p5>Chamamento a viver a vida em oferta reparadora, incluindo fazer a devo\u00e7\u00e3o dos cinco Primeiros S\u00e1bados, individualmente ou em comunidade, de forma continuada.<!-- [et_pb_line_break_holder] --><\/p5><!-- [et_pb_line_break_holder] -->        <\/div>\n<p><!-- [et_pb_line_break_holder] -->      <\/div>\n<p><!-- [et_pb_line_break_holder] -->      <\/p>\n<div class=\"face face2\"><!-- [et_pb_line_break_holder] -->        <\/p>\n<h2>REAPARA\u00c7\u00c3O<!-- [et_pb_line_break_holder] --><\/h2>\n<p><!-- [et_pb_line_break_holder] -->      <\/div>\n<p><!-- [et_pb_line_break_holder] -->    <\/div>\n<p><!-- [et_pb_line_break_holder] -->    <\/p>\n<div class=\"card\"><!-- [et_pb_line_break_holder] -->      <\/p>\n<div class=\"face face1\"><!-- [et_pb_line_break_holder] -->        <\/p>\n<div class=\"content\"><!-- [et_pb_line_break_holder] -->          <p5>Ter em conta as obras de Miseric\u00f3rdia procurando, no quotidiano e na ora\u00e7\u00e3o, pratic\u00e1-las consoante as suas possibilidades. Devem ter em considera\u00e7\u00e3o que o fundamento destas obras \u00e9 um cora\u00e7\u00e3o unido ao Senhor, livre e generoso, com desejo de servir os irm\u00e3os, especialmente os mais fr\u00e1geis.<!-- [et_pb_line_break_holder] --><\/p5><!-- [et_pb_line_break_holder] -->        <\/div>\n<p><!-- [et_pb_line_break_holder] -->      <\/div>\n<p><!-- [et_pb_line_break_holder] -->      <\/p>\n<div class=\"face face2\"><!-- [et_pb_line_break_holder] -->        <\/p>\n<h2>CARIDADE<\/h2>\n<p><!-- [et_pb_line_break_holder] -->      <\/div>\n<p><!-- [et_pb_line_break_holder] -->    <\/div>\n<p><!-- [et_pb_line_break_holder] -->        <\/p>\n<div class=\"card\"><!-- [et_pb_line_break_holder] -->      <\/p>\n<div class=\"face face1\"><!-- [et_pb_line_break_holder] -->        <\/p>\n<div class=\"content\"><!-- [et_pb_line_break_holder] -->          <p5>A coer\u00eancia de vida crist\u00e3 \u00e9 pedida a cada Aliado Reparador, como a qualquer outro crist\u00e3o, o que implica estar em comunh\u00e3o com o magist\u00e9rio da Igreja e viver de acordo o seu estado de vida. Por outro lado, \u00e9 pedida uma Unidade para com a Congrega\u00e7\u00e3o, atrav\u00e9s do compromisso de rezar, cuidar, e viver a essa mesma Unidade, caracter\u00edstica espec\u00edfica da Congrega\u00e7\u00e3o da Alian\u00e7a de Santa Maria, e do cuidado por manter um contacto frequente com alguma das irm\u00e3s.<\/p5><!-- [et_pb_line_break_holder] -->        <\/div>\n<p><!-- [et_pb_line_break_holder] -->      <\/div>\n<p><!-- [et_pb_line_break_holder] -->      <\/p>\n<div class=\"face face2\"><!-- [et_pb_line_break_holder] -->        <\/p>\n<h2>UNIDADE<\/h2>\n<p><!-- [et_pb_line_break_holder] -->      <\/div>\n<p><!-- [et_pb_line_break_holder] -->    <\/div>\n<p><!-- [et_pb_line_break_holder] -->  <\/div>\n<p><!-- [et_pb_line_break_holder] --><\/body><!-- [et_pb_line_break_holder] --><\/html><!-- [et_pb_line_break_holder] --><!-- [et_pb_line_break_holder] --><\/p>\n<style><!-- [et_pb_line_break_holder] -->  p5 {<!-- [et_pb_line_break_holder] -->    font-family: Montserrat;<!-- [et_pb_line_break_holder] -->    font-size: 15px;<!-- [et_pb_line_break_holder] -->    color: black;<!-- [et_pb_line_break_holder] -->}<!-- [et_pb_line_break_holder] -->  .container7{<!-- [et_pb_line_break_holder] -->    width: 100%;<!-- [et_pb_line_break_holder] -->    display: grid;<!-- [et_pb_line_break_holder] -->    grid-template-columns:49% 49%;<!-- [et_pb_line_break_holder] -->    grid-gap: 2%;<!-- [et_pb_line_break_holder] -->    margin:0 auto 5% auto;<!-- [et_pb_line_break_holder] -->    padding:0 15%<!-- [et_pb_line_break_holder] -->  }<!-- [et_pb_line_break_holder] -->  <!-- [et_pb_line_break_holder] -->  .card{<!-- [et_pb_line_break_holder] -->    position: relative;<!-- [et_pb_line_break_holder] -->    width: 100%;<!-- [et_pb_line_break_holder] -->    height: 400px;<!-- [et_pb_line_break_holder] -->    margin: 0 auto;<!-- [et_pb_line_break_holder] -->    background: #fff;<!-- [et_pb_line_break_holder] -->  }<!-- [et_pb_line_break_holder] -->  <!-- [et_pb_line_break_holder] -->  .card .face{<!-- [et_pb_line_break_holder] -->    position: absolute;<!-- [et_pb_line_break_holder] -->    bottom: 0;<!-- [et_pb_line_break_holder] -->    left: 0;<!-- [et_pb_line_break_holder] -->    width: 100%;<!-- [et_pb_line_break_holder] -->    height: 100%;<!-- [et_pb_line_break_holder] -->    display: flex;<!-- [et_pb_line_break_holder] -->    justify-content: center;<!-- [et_pb_line_break_holder] -->    align-items: center;<!-- [et_pb_line_break_holder] -->  }<!-- [et_pb_line_break_holder] -->  <!-- [et_pb_line_break_holder] -->  .card .face.face1{<!-- [et_pb_line_break_holder] -->    box-sizing: border-box;<!-- [et_pb_line_break_holder] -->    padding: 20px;<!-- [et_pb_line_break_holder] -->  }<!-- [et_pb_line_break_holder] -->  <!-- [et_pb_line_break_holder] -->  .card .face.face1 h2{<!-- [et_pb_line_break_holder] -->    margin: 0;<!-- [et_pb_line_break_holder] -->    padding: 0;<!-- [et_pb_line_break_holder] -->  }<!-- [et_pb_line_break_holder] -->  <!-- [et_pb_line_break_holder] -->  .card .face.face1 .content{<!-- [et_pb_line_break_holder] -->    font-size:1.2em;<!-- [et_pb_line_break_holder] -->    margin:0;<!-- [et_pb_line_break_holder] -->    padding:0 0 1em 0;<!-- [et_pb_line_break_holder] -->    font-weight:500;<!-- [et_pb_line_break_holder] -->  }<!-- [et_pb_line_break_holder] -->  <!-- [et_pb_line_break_holder] -->  .card .face.face2{<!-- [et_pb_line_break_holder] -->    background: #111;<!-- [et_pb_line_break_holder] -->    transition: 0.5s;<!-- [et_pb_line_break_holder] -->  }<!-- [et_pb_line_break_holder] -->  <!-- [et_pb_line_break_holder] -->  .card:nth-child(1) .face.face2{<!-- [et_pb_line_break_holder] -->    background-color:#475160;<!-- [et_pb_line_break_holder] -->  }<!-- [et_pb_line_break_holder] -->  <!-- [et_pb_line_break_holder] -->  .card:nth-child(2) .face.face2{<!-- [et_pb_line_break_holder] -->    background-color:#ad945d;<!-- [et_pb_line_break_holder] -->  }<!-- [et_pb_line_break_holder] -->  <!-- [et_pb_line_break_holder] -->  .card:nth-child(3) .face.face2{<!-- [et_pb_line_break_holder] -->    background-color:#ad945d;<!-- [et_pb_line_break_holder] -->  }<!-- [et_pb_line_break_holder] -->  .card:nth-child(4) .face.face2{<!-- [et_pb_line_break_holder] -->    background-color:#475160;<!-- [et_pb_line_break_holder] -->  }<!-- [et_pb_line_break_holder] -->  <!-- [et_pb_line_break_holder] -->  .card:hover .face.face2{<!-- [et_pb_line_break_holder] -->    height: 60px;<!-- [et_pb_line_break_holder] -->  }<!-- [et_pb_line_break_holder] -->  <!-- [et_pb_line_break_holder] --> <!-- [et_pb_line_break_holder] -->  <!-- [et_pb_line_break_holder] -->  .card .face.face2 h2{<!-- [et_pb_line_break_holder] -->    margin: 0;<!-- [et_pb_line_break_holder] -->    padding: 0;<!-- [et_pb_line_break_holder] -->    font-size: 2em;<!-- [et_pb_line_break_holder] -->    color: #fff;<!-- [et_pb_line_break_holder] -->    transition: 0.5s;<!-- [et_pb_line_break_holder] -->    text-shadow: 0 2px 5px rgba(0,0,0, .2);<!-- [et_pb_line_break_holder] -->  }<!-- [et_pb_line_break_holder] -->  <!-- [et_pb_line_break_holder] -->  .card:hover .face.face2 h2{<!-- [et_pb_line_break_holder] -->    font-size: 2em;<!-- [et_pb_line_break_holder] -->  }<!-- [et_pb_line_break_holder] --><\/style>\n<p>[\/et_pb_code][\/et_pb_column][\/et_pb_row][\/et_pb_section][et_pb_section fb_built=&#8221;1&#8243; _builder_version=&#8221;4.27.2&#8243; _module_preset=&#8221;default&#8221; custom_margin=&#8221;0px|0px|0px|0px|false|false&#8221; custom_padding=&#8221;0px|0px|0px|0px|false|false&#8221; locked=&#8221;off&#8221; global_colors_info=&#8221;{}&#8221;][et_pb_row _builder_version=&#8221;4.27.2&#8243; _module_preset=&#8221;default&#8221; width=&#8221;100%&#8221; max_width=&#8221;100%&#8221; custom_margin=&#8221;0px|0px|0px|0px|false|false&#8221; custom_padding=&#8221;0px|0px|0px|0px|false|false&#8221; global_colors_info=&#8221;{}&#8221;][et_pb_column type=&#8221;4_4&#8243; _builder_version=&#8221;4.27.2&#8243; _module_preset=&#8221;default&#8221; global_colors_info=&#8221;{}&#8221;][et_pb_code raw_content_tablet=&#8221;<\/p>\n<div class=%22fundo-azul%22>\n<p7>Para fazer parte deste grupo \u00e9 necess\u00e1rio um discernimento com uma das irm\u00e3s da Congrega\u00e7\u00e3o e ser admitido pela Superiora Geral e seu Governo. <\/p7>\n  <\/div>\n<\/div>\n<style>\n  .fundo-azul{\n    background-position-y:80%;    \n    background-image: url(%22https:\/\/asmaria.org\/wp-content\/uploads\/2025\/05\/Angels-House_73-copia-scaled.jpeg%22);<\/p>\n<p>  \/* Set a specific height *\/\n  min-height: 400px;<\/p>\n<p>  \/* Create the parallax scrolling effect *\/\n  background-attachment: scroll;\n  background-position: center;\n  background-repeat: no-repeat;\n  background-size: cover;\n    text-align:center;\n    display:flex;\n    justify-content:center;\n    align-items:center;\n    position: relative;\n    padding:0 10%\n  }\n  .fundo-azul:before {\n  content: %22%22;\n  position: absolute;\n  left: 0; right: 0;\n  top: 0; bottom: 0;\n  background: rgba(173, 148, 93, .5);\n}\n    p7{\n    font-family:Montserrat;\n    color:white;\n    font-weight:700;\n    font-size:18px;\n    z-index:1;\n  }\n<\/style>\n<p>&#8221; raw_content_phone=&#8221;<\/p>\n<div class=%22fundo-azul%22>\n<p7>Para fazer parte deste grupo \u00e9 necess\u00e1rio um discernimento com uma das irm\u00e3s da Congrega\u00e7\u00e3o e ser admitido pela Superiora Geral e seu Governo. <\/p7>\n  <\/div>\n<\/div>\n<style>\n  .fundo-azul{\n    background-position-y:80%;    \n    background-image: url(%22https:\/\/asmaria.org\/wp-content\/uploads\/2025\/05\/Angels-House_73-copia-scaled.jpeg%22);<\/p>\n<p>  \/* Set a specific height *\/\n  min-height: 300px;<\/p>\n<p>  \/* Create the parallax scrolling effect *\/\n  background-attachment: scroll;\n  background-position: center;\n  background-repeat: no-repeat;\n  background-size: cover;\n    text-align:center;\n    display:flex;\n    justify-content:center;\n    align-items:center;\n    position: relative;\n    padding:0 10%;\n    margin-top:10%\n  }\n  .fundo-azul:before {\n  content: %22%22;\n  position: absolute;\n  left: 0; right: 0;\n  top: 0; bottom: 0;\n  background: rgba(173, 148, 93, .5);\n}\n    p7{\n    font-family:Montserrat;\n    color:white;\n    font-weight:700;\n    font-size:18px;\n    z-index:1;\n  }\" raw_content_last_edited=\"on|phone\" _builder_version=\"4.27.4\" _module_preset=\"default\" global_colors_info=\"{}\"]<\/p>\n<div class=\"fundo-azul\"><!-- [et_pb_line_break_holder] --><!-- [et_pb_line_break_holder] -->    <p7>Para fazer parte deste grupo \u00e9 necess\u00e1rio um discernimento com uma das irm\u00e3s da Congrega\u00e7\u00e3o <\/br>e ser admitido pela Superiora Geral e seu Governo. <\/p7><!-- [et_pb_line_break_holder] -->  <\/div>\n<p> <!-- [et_pb_line_break_holder] --><\/div>\n<p><!-- [et_pb_line_break_holder] --><\/p>\n<style><!-- [et_pb_line_break_holder] -->  .fundo-azul{<!-- [et_pb_line_break_holder] -->    background-position-y:80%;    <!-- [et_pb_line_break_holder] -->    background-image: url(\"https:\/\/asmaria.org\/wp-content\/uploads\/2025\/05\/Angels-House_73-copia-scaled.jpeg\");<!-- [et_pb_line_break_holder] --><!-- [et_pb_line_break_holder] -->  \/* Set a specific height *\/<!-- [et_pb_line_break_holder] -->  min-height: 400px;<!-- [et_pb_line_break_holder] --><!-- [et_pb_line_break_holder] -->  \/* Create the parallax scrolling effect *\/<!-- [et_pb_line_break_holder] -->  background-attachment: fixed;<!-- [et_pb_line_break_holder] -->  background-position: center;<!-- [et_pb_line_break_holder] -->  background-repeat: no-repeat;<!-- [et_pb_line_break_holder] -->  background-size: cover;<!-- [et_pb_line_break_holder] -->    text-align:center;<!-- [et_pb_line_break_holder] -->    display:flex;<!-- [et_pb_line_break_holder] -->    justify-content:center;<!-- [et_pb_line_break_holder] -->    align-items:center;<!-- [et_pb_line_break_holder] -->    position: relative;<!-- [et_pb_line_break_holder] -->  }<!-- [et_pb_line_break_holder] -->  .fundo-azul:before {<!-- [et_pb_line_break_holder] -->  content: \"\";<!-- [et_pb_line_break_holder] -->  position: absolute;<!-- [et_pb_line_break_holder] -->  left: 0; right: 0;<!-- [et_pb_line_break_holder] -->  top: 0; bottom: 0;<!-- [et_pb_line_break_holder] -->  background: rgba(173, 148, 93, .5);<!-- [et_pb_line_break_holder] -->}<!-- [et_pb_line_break_holder] -->    p7{<!-- [et_pb_line_break_holder] -->    font-family:Montserrat;<!-- [et_pb_line_break_holder] -->    color:white;<!-- [et_pb_line_break_holder] -->    font-weight:700;<!-- [et_pb_line_break_holder] -->    font-size:20px;<!-- [et_pb_line_break_holder] -->    z-index:1;<!-- [et_pb_line_break_holder] -->  }<!-- [et_pb_line_break_holder] --><\/style>\n<p>[\/et_pb_code][\/et_pb_column][\/et_pb_row][\/et_pb_section]<\/p>\n","protected":false},"excerpt":{"rendered":"","protected":false},"author":1,"featured_media":3636,"parent":0,"menu_order":0,"comment_status":"closed","ping_status":"closed","template":"","meta":{"_et_pb_use_builder":"on","_et_pb_old_content":"","_et_gb_content_width":"","inline_featured_image":false,"footnotes":""},"class_list":["post-1399","page","type-page","status-publish","has-post-thumbnail","hentry"],"_links":{"self":[{"href":"https:\/\/asmaria.org\/en\/wp-json\/wp\/v2\/pages\/1399","targetHints":{"allow":["GET"]}}],"collection":[{"href":"https:\/\/asmaria.org\/en\/wp-json\/wp\/v2\/pages"}],"about":[{"href":"https:\/\/asmaria.org\/en\/wp-json\/wp\/v2\/types\/page"}],"author":[{"embeddable":true,"href":"https:\/\/asmaria.org\/en\/wp-json\/wp\/v2\/users\/1"}],"replies":[{"embeddable":true,"href":"https:\/\/asmaria.org\/en\/wp-json\/wp\/v2\/comments?post=1399"}],"version-history":[{"count":57,"href":"https:\/\/asmaria.org\/en\/wp-json\/wp\/v2\/pages\/1399\/revisions"}],"predecessor-version":[{"id":4746,"href":"https:\/\/asmaria.org\/en\/wp-json\/wp\/v2\/pages\/1399\/revisions\/4746"}],"wp:featuredmedia":[{"embeddable":true,"href":"https:\/\/asmaria.org\/en\/wp-json\/wp\/v2\/media\/3636"}],"wp:attachment":[{"href":"https:\/\/asmaria.org\/en\/wp-json\/wp\/v2\/media?parent=1399"}],"curies":[{"name":"wp","href":"https:\/\/api.w.org\/{rel}","templated":true}]}}