{"id":1478,"date":"2025-02-03T09:44:25","date_gmt":"2025-02-03T09:44:25","guid":{"rendered":"https:\/\/asmaria.org\/?page_id=1478"},"modified":"2025-06-04T10:08:04","modified_gmt":"2025-06-04T10:08:04","slug":"a-hora-de-acender-a-lampada","status":"publish","type":"page","link":"https:\/\/asmaria.org\/it\/a-hora-de-acender-a-lampada\/","title":{"rendered":"A hora de acender a l\u00e2mpada"},"content":{"rendered":"<p>[et_pb_section fb_built=&#8221;1&#8243; _builder_version=&#8221;4.27.4&#8243; _module_preset=&#8221;default&#8221; custom_margin=&#8221;0px|0px|0px|0px|false|false&#8221; custom_padding=&#8221;0px|0px|0px|0px|false|false&#8221; locked=&#8221;off&#8221; global_colors_info=&#8221;{}&#8221;][et_pb_row _builder_version=&#8221;4.27.2&#8243; _module_preset=&#8221;default&#8221; width=&#8221;100%&#8221; max_width=&#8221;100%&#8221; custom_margin=&#8221;0px|0px|0px|0px|false|false&#8221; custom_padding=&#8221;0px|0px|0px|0px|false|false&#8221; global_colors_info=&#8221;{}&#8221;][et_pb_column type=&#8221;4_4&#8243; _builder_version=&#8221;4.27.2&#8243; _module_preset=&#8221;default&#8221; global_colors_info=&#8221;{}&#8221;][et_pb_code raw_content_tablet=&#8221;<\/p>\n<div class=%22grid-contaner-te%22>\n<div class=%22grid-item-img%22><\/div>\n<div class=%22grid-item-tit%22>\n      <p003>\nA HORA DE ACENDER<\/br>\n    <p004> A L\u00c2MPADA<\/p004><\/p003>\n  <\/div>\n<\/div>\n<style>\n  .grid-contaner-te{\n    display:grid;\n    grid-template-columns:50% 50%;\n    padding:5%;\n    background-color:#475160;\n    margin-top:12%;\n  }\n  .grid-item-img{\n    background-image:url(%22https:\/\/asmaria.org\/wp-content\/uploads\/2025\/02\/1516621275-3845-s-scaled-copy-scaled.jpg%22);\n    background-size:cover;\n    padding:30% 0;\n    background-position-y:40%\n  }\n   p003{\n    font-family:Montserrat;\n    font-weight:700;\n    font-size:30px;\n    color:#ad945d;\n     line-height:1.2;\n  }\n  p004{\n    font-family:Montserrat;\n    font-weight:700;\n    font-size:40px;\n    color:white;\n    line-height:1.2;\n  }\n  .grid-item-tit{\n    padding-left:5%;\n    display: flex;\n    justify-content: center;\n    align-items: center;\n  }\n<\/style>\n<p>&#8221; raw_content_phone=&#8221;<\/p>\n<div class=%22grid-contaner-te%22>\n<div class=%22grid-item-img%22><\/div>\n<div class=%22grid-item-tit%22>\n      <p003>\nA HORA DE ACENDER<\/br>\n    <p004> A L\u00c2MPADA<\/p004><\/p003>\n  <\/div>\n<\/div>\n<style>\n  .grid-contaner-te{\n    display:grid;\n    grid-template-columns:100%;\n    padding:5%;\n    background-color:#475160;\n  }\n  .grid-item-img{\n    background-image:url(%22https:\/\/asmaria.org\/wp-content\/uploads\/2025\/02\/1516621275-3845-s-scaled-copy-scaled.jpg%22);\n    background-size:cover;\n    padding:30% 0;\n    background-position-y:40%\n  }\n   p003{\n    font-family:Montserrat;\n    font-weight:700;\n    font-size:30px;\n    color:#ad945d;\n     line-height:1.2;\n  }\n  p004{\n    font-family:Montserrat;\n    font-weight:700;\n    font-size:40px;\n    color:white;\n    line-height:1.2;\n  }\n  .grid-item-tit{\n    padding:5%;\n    display: flex;\n    justify-content: center;\n    align-items: center;\n  }\n<\/style>\n<p>&#8221; raw_content_last_edited=&#8221;on|phone&#8221; _builder_version=&#8221;4.27.4&#8243; _module_preset=&#8221;default&#8221; hover_enabled=&#8221;0&#8243; global_colors_info=&#8221;{}&#8221; sticky_enabled=&#8221;0&#8243;]<!-- [et_pb_line_break_holder] --><\/p>\n<div class=\"grid-contaner-te\"><!-- [et_pb_line_break_holder] -->  <\/p>\n<div class=\"grid-item-img\"><!-- [et_pb_line_break_holder] -->    <!-- [et_pb_line_break_holder] -->  <\/div>\n<p><!-- [et_pb_line_break_holder] -->  <\/p>\n<div class=\"grid-item-tit\"><!-- [et_pb_line_break_holder] -->      <p003><!-- [et_pb_line_break_holder] -->A HORA DE ACENDER<\/br><!-- [et_pb_line_break_holder] -->    <p004> A L\u00c2MPADA<\/p004><\/p003><!-- [et_pb_line_break_holder] -->  <\/div>\n<p><!-- [et_pb_line_break_holder] --><\/div>\n<p><!-- [et_pb_line_break_holder] --><!-- [et_pb_line_break_holder] --><\/p>\n<style><!-- [et_pb_line_break_holder] -->  .grid-contaner-te{<!-- [et_pb_line_break_holder] -->    display:grid;<!-- [et_pb_line_break_holder] -->    grid-template-columns:50% 50%;<!-- [et_pb_line_break_holder] -->    padding:10% 5% 5% 5%;<!-- [et_pb_line_break_holder] -->    background-color:#475160;<!-- [et_pb_line_break_holder] -->  }<!-- [et_pb_line_break_holder] -->  .grid-item-img{<!-- [et_pb_line_break_holder] -->    background-image:url(\"https:\/\/asmaria.org\/wp-content\/uploads\/2025\/02\/1516621275-3845-s-scaled-copy-scaled.jpg\");<!-- [et_pb_line_break_holder] -->    background-size:cover;<!-- [et_pb_line_break_holder] -->    padding:30% 0;<!-- [et_pb_line_break_holder] -->    background-position-y:40%<!-- [et_pb_line_break_holder] -->  }<!-- [et_pb_line_break_holder] -->   p003{<!-- [et_pb_line_break_holder] -->    font-family:Montserrat;<!-- [et_pb_line_break_holder] -->    font-weight:700;<!-- [et_pb_line_break_holder] -->    font-size:40px;<!-- [et_pb_line_break_holder] -->    color:#ad945d;<!-- [et_pb_line_break_holder] -->     line-height:1.2;<!-- [et_pb_line_break_holder] -->  }<!-- [et_pb_line_break_holder] -->  p004{<!-- [et_pb_line_break_holder] -->    font-family:Montserrat;<!-- [et_pb_line_break_holder] -->    font-weight:700;<!-- [et_pb_line_break_holder] -->    font-size:60px;<!-- [et_pb_line_break_holder] -->    color:white;<!-- [et_pb_line_break_holder] -->    line-height:1.2;<!-- [et_pb_line_break_holder] -->  }<!-- [et_pb_line_break_holder] -->  .grid-item-tit{<!-- [et_pb_line_break_holder] -->    padding-left:5%;<!-- [et_pb_line_break_holder] -->    display: flex;<!-- [et_pb_line_break_holder] -->    justify-content: center;<!-- [et_pb_line_break_holder] -->    align-items: center;<!-- [et_pb_line_break_holder] -->  }<!-- [et_pb_line_break_holder] --><\/style>\n<p>[\/et_pb_code][\/et_pb_column][\/et_pb_row][\/et_pb_section][et_pb_section fb_built=&#8221;1&#8243; _builder_version=&#8221;4.27.2&#8243; _module_preset=&#8221;default&#8221; custom_margin=&#8221;0px|0px|0px|0px|false|false&#8221; custom_padding=&#8221;0px|0px|0px|0px|false|false&#8221; global_colors_info=&#8221;{}&#8221;][et_pb_row _builder_version=&#8221;4.27.2&#8243; _module_preset=&#8221;default&#8221; width=&#8221;100%&#8221; max_width=&#8221;100%&#8221; custom_margin=&#8221;0px|0px|0px|0px|false|false&#8221; custom_padding=&#8221;0px|0px|0px|0px|false|false&#8221; global_colors_info=&#8221;{}&#8221;][et_pb_column type=&#8221;4_4&#8243; _builder_version=&#8221;4.27.2&#8243; _module_preset=&#8221;default&#8221; global_colors_info=&#8221;{}&#8221;][et_pb_code raw_content_tablet=&#8221;<\/p>\n<div class=%22end%22>\n<center>  <i><p05>\u201cDou gra\u00e7as \u00e0quele que me confortou, Cristo Nosso Senhor, por me ter considerado digna de confian\u00e7a, pondo-me ao seu servi\u00e7o, a mim que antes fora blasfema, perseguidora e violenta. Mas alcancei miseric\u00f3rdia porque agi por ignor\u00e2ncia, sem ter f\u00e9 ainda (\u2026) Ele veio ao mundo para salvar os pecadores dos quais eu sou a primeira.\u201d (Cf. 1Tm 1, 12-15).<\/p05><\/i><\/br><\/br>\n<p10>Viver a <strong>VIDA<\/strong> na plenitude de uma <strong>PAIX\u00c3O<\/strong>\u2026<\/p10><\/center>\n<\/div>\n<div class=%22text-irmas%22>\n  <p05><strong>Se eu tivesse que resumir a hist\u00f3ria da voca\u00e7\u00e3o que o Senhor escolheu para mim, numa \u00fanica palavra, seria PAIX\u00c3O.<br \/>\n  <\/strong><\/br><\/p>\n<hr>\n<p><\/br><br \/>\n<i>Nela est\u00e1 contida a fragilidade do meu ser e a abertura do meu cora\u00e7\u00e3o ao sentido do seu amor e do seu mist\u00e9rio, que encontra resposta na contempla\u00e7\u00e3o de Jesus na Cruz.<\/i><\/br><br \/>\n   Chamo-me Sofia Mendes e encontro-me na Alian\u00e7a de Santa Maria desde setembro de 2005. Sou natural de Constance \u2013 Marco de Canaveses \u2013 terra que me viu nascer e crescer. Sou a mais nova de quatro irm\u00e3os. Os meus pais s\u00e3o cat\u00f3licos e sempre transmitiram essa f\u00e9 a seus filhos, n\u00e3o s\u00f3 atrav\u00e9s das palavras, mas tamb\u00e9m atrav\u00e9s dos seus atos, nomeadamente pelo exemplo e testemunho que eram para n\u00f3s. Sempre nos incentivaram a ir \u00e0 missa ao fim de semana, e \u00e0 catequese n\u00e3o se podia faltar!<br \/>\n<\/br><br \/>\n     Era uma crian\u00e7a muito sossegada e tranquila. Por\u00e9m, com a chegada da adolesc\u00eancia, tornei-me um pouco rebelde. Posso at\u00e9 dizer que, desde a escola prim\u00e1ria, esta rebeldia vinha crescendo no meu interior. No 2\u00ba ciclo, passava os meus tempos livres essencialmente a jogar futebol, t\u00e9nis de mesa ou matraquilhos com colegas que, por vezes, desconhecia. Como se dizia na altura era uma \u2018maria-rapaz\u2019. Era alegre e vivia a vida sempre em busca de aventura. Mas tinha outros passatempos. Gostava muito de ler. Lia qualquer livro, independentemente do seu tema. Gostava de conhecer novos autores e as suas formas de escrever. Mas tamb\u00e9m ouvia m\u00fasica, via filmes\u2026 Contudo, a vida n\u00e3o se baseia apenas naquilo de que gostamos, h\u00e1 tamb\u00e9m aqueles momentos dif\u00edceis ou, de outra forma, a vida n\u00e3o seria vida. \u00c9, tamb\u00e9m, com tais momentos que aprendemos a crescer.<br \/>\n<\/br><br \/>\n     A dada altura iniciei uma nova aventura \u2013 a do desporto. Mas \u00e0 medida que mais me aventurava nesta nova fase, mais a viv\u00eancia do ser crist\u00e3o come\u00e7ou a ficar para tr\u00e1s; a t\u00edtulo de exemplo, digo que somente frequentava a catequese para receber o sacramento do Crisma e poder ser madrinha. Cheguei a ser ac\u00f3lita e ia \u00e0 missa todos os domingos, mas estava l\u00e1, desculpem-me a express\u00e3o, s\u00f3 de \u2018corpo presente\u2019. N\u00e3o queria saber da Igreja. Deus era Algu\u00e9m que existia, a quem eu recorria somente para pedir, mas por Quem n\u00e3o tinha uma grande amizade. Perdoem-me a compara\u00e7\u00e3o, mas era como precisar de alguma comida e ir ao supermercado. Se l\u00e1 tiver o que queremos, tudo bem, se n\u00e3o, resolvemos de outra forma. Acreditava que existia Deus, mas n\u00e3o vivia nem a f\u00e9 nem os ensinamentos da Igreja.<br \/>\n<\/br><br \/>\n     Em setembro de 2004, surgiu a oportunidade de jogar pelo FC do Marco. Realizava o meu sonho de crian\u00e7a \u2013 ser jogadora de futebol. Nesta altura estava no 11\u00ba ano. Em outubro, tive que tomar uma decis\u00e3o. Ou continuava os estudos ou escolhia o desporto, pois os meus pais n\u00e3o conseguiam pagar as despesas da escola e as do desporto. Foi assim que optei pelo desporto e fui trabalhar. No ano seguinte, em mar\u00e7o, fui chamada \u00e0 Sele\u00e7\u00e3o de Futebol Sub-18. N\u00e3o podia acreditar\u2026 Um sonho sempre desejado e\u2026 ent\u00e3o alcan\u00e7ado.<\/br><br \/>\nMas tive que adiar esse sonho, pois Algu\u00e9m irrompeu na minha vida e destruiu a seguran\u00e7a dos meus passos.<br \/>\n<\/br><br \/>\n  Um campo de f\u00e9rias organizado pela Congrega\u00e7\u00e3o da Alian\u00e7a de Santa Maria, cuja miss\u00e3o j\u00e1 conhecia devido a umas confer\u00eancias que fizeram na minha terra e \u00e0s quais, sem perceber muito bem o porqu\u00ea n\u00e3o faltei, deixando inclusive alguns treinos para tr\u00e1s, <strong>foi o instrumento que Deus utilizou para me despertar para Ele.<\/strong> Curiosamente, na v\u00e9spera deste campo de f\u00e9rias foi-me apresentada uma proposta para jogar t\u00e9nis. Iria iniciar uma nova \u00e9poca desportiva, conciliando o futebol e o t\u00e9nis, logo que regressasse desse campo; assim julgava eu\u2026 Assim sendo, l\u00e1 fui eu com duas amigas para esse campo de f\u00e9rias, embora n\u00e3o fosse do meu agrado. Ia, porque a amizade, por vezes, fala mais alto do que os nossos pr\u00f3prios gostos. No entanto, quando tomei consci\u00eancia do ato em si, s\u00f3 me apetecia fugir daquele lugar. Interrogava-me como tinha trocado tudo (fam\u00edlia, amigos, desporto) por uma semana com Deus.<br \/>\n<\/br><br \/>\nO ch\u00e3o parecia escapar-me debaixo dos p\u00e9s.<br \/>\n<\/br><br \/>\nFoi uma semana diferente de todas as que tinha vivido at\u00e9 \u00e0quela data. Semana, onde o Senhor me chamava para Ele. A minha alma estremeceu, quando me percebi <strong>tocada pela sua Gra\u00e7a<\/strong>, mergulhada na sua PAIX\u00c3O. No dia em que senti o chamamento, n\u00e3o sabia o que fazer. O que decidir?<br \/>\n<\/br><br \/>\nEra necess\u00e1rio tomar uma decis\u00e3o. Sentia medo, mas havia algo mais forte do que esse medo.<br \/>\nDeus chama, contudo n\u00e3o for\u00e7a ningu\u00e9m.<br \/>\n<\/br><br \/>\nDeixa a cada um a plena liberdade de aceitar ou n\u00e3o o seu convite a tal chamamento. Em l\u00e1grimas disse-Lhe que SIM. N\u00e3o poderia adiar mais o seu chamamento. Sentia-me cativada por Ele. N\u00e3o me foi f\u00e1cil deixar todo esse mundo desportivo e, principalmente, dizer \u00e0 minha fam\u00edlia que a minha vida iria mudar a 180 graus. S\u00f3 uma \u201cmaluca\u201d \u00e9 que poderia fazer tal coisa. E eu fui uma delas. Dei esse passo apoiada unicamente numa f\u00e9 fr\u00e1gil. Se o caminho seria esse, era necess\u00e1rio aprender a caminhar nele\u2026 Encantava-me o desporto, por\u00e9m este chamamento incrivelmente forte dizia-me que era preciso seguir por outro caminho.<\/br><\/br><\/p>\n<hr>\n<p><\/br><br \/>\n<strong>Era chegada a hora de acender a l\u00e2mpada que ainda permanecia escondida dentro de mim, a l\u00e2mpada de uma felicidade aut\u00eantica que me iluminava o caminho para o qual era chamada.<\/strong><\/br><\/br><br \/>\nEra tempo de descal\u00e7ar as chuteiras e trocar a paix\u00e3o dos relvados pela PAIX\u00c3O de Jesus. Aprender com Ele a ser peregrina num tempo e espa\u00e7o onde, quando o amor se faz presente, nos faz experimentar fragmentos de eternidade.<br \/>\n<\/br><br \/>\n     O que me cativou nesta Congrega\u00e7\u00e3o foi o testemunho das irm\u00e3s com quem convivi, a alegria e entrega total de cada uma delas \u00e0 causa na sua autenticidade. Assim, de meados de julho a setembro de 2005 dediquei-me totalmente \u00e0queles que mais amava, n\u00e3o lhes comunicando, ainda, a minha decis\u00e3o, mas preparando-os para a grande surpresa. Muitos s\u00f3 o souberam depois de eu me juntar \u00e0s minhas irm\u00e3s. Em setembro entrava para a Congrega\u00e7\u00e3o.<br \/>\n<\/br><br \/>\n<i> Atrav\u00e9s do Cora\u00e7\u00e3o Imaculado da Virgem Maria, nossa M\u00e3e, hoje compreendo o que \u00e9 deixar-se ferir por um amor maior quando se olha para Aquele que, porque me amou at\u00e9 ao extremo, se deixou crucificar vivendo a sua PAIX\u00c3O por mim.<\/i><\/p05><\/br><\/br>\n<\/div>\n<style>\n<p>  .text-irmas{\n    padding:5% 15%;\n    text-align: left;\n  text-justify: inter-word;\n  }\n  p05{\n    font-family:Montserrat;\n    font-size:18px;\n    color:Black;\n  }<\/p>\n<p>  .end{\n    padding:5% 15% 5% 15%;\n    background-color:rgba(172, 147, 93, 0.5);\n  }<\/p>\n<p>  p10{\n    font-family:Montserrat;\n    font-weight:400;\n    font-size:30px;\n    color:#ad945d;\n    line-height:1.2\n  }<\/p>\n<p>    hr{\n    margin:0 30%\n  }\n<\/style>\n<p>&#8221; raw_content_phone=&#8221;<\/p>\n<div class=%22end%22>\n<center> <i> <p05>\u201cDou gra\u00e7as \u00e0quele que me confortou, Cristo Nosso Senhor, por me ter considerado digna de confian\u00e7a, pondo-me ao seu servi\u00e7o, a mim que antes fora blasfema, perseguidora e violenta. Mas alcancei miseric\u00f3rdia porque agi por ignor\u00e2ncia, sem ter f\u00e9 ainda (\u2026) Ele veio ao mundo para salvar os pecadores dos quais eu sou a primeira.\u201d (Cf. 1Tm 1, 12-15).<\/p05><\/i><\/br><\/br>\n<p10>Viver a <strong>VIDA<\/strong> na plenitude de uma <strong>PAIX\u00c3O<\/strong>\u2026<\/p10><\/center>\n<\/div>\n<div class=%22text-irmas%22>\n  <p05><strong>Se eu tivesse que resumir a hist\u00f3ria da voca\u00e7\u00e3o que o Senhor escolheu para mim, numa \u00fanica palavra, seria PAIX\u00c3O.<br \/>\n  <\/strong><\/br><\/br><\/p>\n<hr>\n<p><\/br><br \/>\n<i>Nela est\u00e1 contida a fragilidade do meu ser e a abertura do meu cora\u00e7\u00e3o ao sentido do seu amor e do seu mist\u00e9rio, que encontra resposta na contempla\u00e7\u00e3o de Jesus na Cruz.<\/i><\/br><\/br><br \/>\nChamo-me Sofia Mendes e encontro-me na Alian\u00e7a de Santa Maria desde setembro de 2005. Sou natural de Constance \u2013 Marco de Canaveses \u2013 terra que me viu nascer e crescer. Sou a mais nova de quatro irm\u00e3os. Os meus pais s\u00e3o cat\u00f3licos e sempre transmitiram essa f\u00e9 a seus filhos, n\u00e3o s\u00f3 atrav\u00e9s das palavras, mas tamb\u00e9m atrav\u00e9s dos seus atos, nomeadamente pelo exemplo e testemunho que eram para n\u00f3s. Sempre nos incentivaram a ir \u00e0 missa ao fim de semana, e \u00e0 catequese n\u00e3o se podia faltar!<\/br><\/br><br \/>\n     Era uma crian\u00e7a muito sossegada e tranquila. Por\u00e9m, com a chegada da adolesc\u00eancia, tornei-me um pouco rebelde. Posso at\u00e9 dizer que, desde a escola prim\u00e1ria, esta rebeldia vinha crescendo no meu interior. No 2\u00ba ciclo, passava os meus tempos livres essencialmente a jogar futebol, t\u00e9nis de mesa ou matraquilhos com colegas que, por vezes, desconhecia. Como se dizia na altura era uma \u2018maria-rapaz\u2019. Era alegre e vivia a vida sempre em busca de aventura. Mas tinha outros passatempos. Gostava muito de ler. Lia qualquer livro, independentemente do seu tema. Gostava de conhecer novos autores e as suas formas de escrever. Mas tamb\u00e9m ouvia m\u00fasica, via filmes\u2026 Contudo, a vida n\u00e3o se baseia apenas naquilo de que gostamos, h\u00e1 tamb\u00e9m aqueles momentos dif\u00edceis ou, de outra forma, a vida n\u00e3o seria vida. \u00c9, tamb\u00e9m, com tais momentos que aprendemos a crescer.<\/br><\/br><br \/>\n     A dada altura iniciei uma nova aventura \u2013 a do desporto. Mas \u00e0 medida que mais me aventurava nesta nova fase, mais a viv\u00eancia do ser crist\u00e3o come\u00e7ou a ficar para tr\u00e1s; a t\u00edtulo de exemplo, digo que somente frequentava a catequese para receber o sacramento do Crisma e poder ser madrinha. Cheguei a ser ac\u00f3lita e ia \u00e0 missa todos os domingos, mas estava l\u00e1, desculpem-me a express\u00e3o, s\u00f3 de \u2018corpo presente\u2019. N\u00e3o queria saber da Igreja. Deus era Algu\u00e9m que existia, a quem eu recorria somente para pedir, mas por Quem n\u00e3o tinha uma grande amizade. Perdoem-me a compara\u00e7\u00e3o, mas era como precisar de alguma comida e ir ao supermercado. Se l\u00e1 tiver o que queremos, tudo bem, se n\u00e3o, resolvemos de outra forma. Acreditava que existia Deus, mas n\u00e3o vivia nem a f\u00e9 nem os ensinamentos da Igreja.<\/br><\/br><br \/>\n     Em setembro de 2004, surgiu a oportunidade de jogar pelo FC do Marco. Realizava o meu sonho de crian\u00e7a \u2013 ser jogadora de futebol. Nesta altura estava no 11\u00ba ano. Em outubro, tive que tomar uma decis\u00e3o. Ou continuava os estudos ou escolhia o desporto, pois os meus pais n\u00e3o conseguiam pagar as despesas da escola e as do desporto. Foi assim que optei pelo desporto e fui trabalhar. No ano seguinte, em mar\u00e7o, fui chamada \u00e0 Sele\u00e7\u00e3o de Futebol Sub-18. N\u00e3o podia acreditar\u2026 Um sonho sempre desejado e\u2026 ent\u00e3o alcan\u00e7ado.<\/br><\/br><br \/>\nMas tive que adiar esse sonho, pois Algu\u00e9m irrompeu na minha vida  e destruiu a seguran\u00e7a dos meus passos.<\/br><\/br><br \/>\nUm campo de f\u00e9rias organizado pela Congrega\u00e7\u00e3o da Alian\u00e7a de Santa Maria, cuja miss\u00e3o j\u00e1 conhecia devido a umas confer\u00eancias que fizeram na minha terra e \u00e0s quais, sem perceber muito bem o porqu\u00ea n\u00e3o faltei, deixando inclusive alguns treinos para tr\u00e1s, <span00>foi o instrumento que Deus utilizou para me despertar para Ele.<\/span00> Curiosamente, na v\u00e9spera deste campo de f\u00e9rias foi-me apresentada uma proposta para jogar t\u00e9nis. Iria iniciar uma nova \u00e9poca desportiva, conciliando o futebol e o t\u00e9nis, logo que regressasse desse campo; assim julgava eu\u2026 Assim sendo, l\u00e1 fui eu com duas amigas para esse campo de f\u00e9rias, embora n\u00e3o fosse do meu agrado. Ia, porque a amizade, por vezes, fala mais alto do que os nossos pr\u00f3prios gostos. No entanto, quando tomei consci\u00eancia do ato em si, s\u00f3 me apetecia fugir daquele lugar. Interrogava-me como tinha trocado tudo (fam\u00edlia, amigos, desporto) por uma semana com Deus.<\/br><\/br><br \/>\nO ch\u00e3o parecia escapar-me debaixo dos p\u00e9s.<\/br><\/br><br \/>\nFoi uma semana diferente de todas as que tinha vivido at\u00e9 \u00e0quela data. Semana, onde o Senhor me chamava para Ele. A minha alma estremeceu, quando me percebi <strong>tocada pela sua Gra\u00e7a<\/strong>, mergulhada na sua PAIX\u00c3O. No dia em que senti o chamamento, n\u00e3o sabia o que fazer. O que decidir?<\/br><\/br><br \/>\nEra necess\u00e1rio tomar uma decis\u00e3o. Sentia medo, mas havia algo mais forte do que esse medo. <\/br><\/br><br \/>\nDeus chama, contudo n\u00e3o for\u00e7a ningu\u00e9m.<\/br><\/br><br \/>\nDeixa a cada um a plena liberdade de aceitar ou n\u00e3o o seu convite a tal chamamento. Em l\u00e1grimas disse-Lhe que SIM. N\u00e3o poderia adiar mais o seu chamamento. Sentia-me cativada por Ele. N\u00e3o me foi f\u00e1cil deixar todo esse mundo desportivo e, principalmente, dizer \u00e0 minha fam\u00edlia que a minha vida iria mudar a 180 graus. S\u00f3 uma \u201cmaluca\u201d \u00e9 que poderia fazer tal coisa. E eu fui uma delas. Dei esse passo apoiada unicamente numa f\u00e9 fr\u00e1gil. Se o caminho seria esse, era necess\u00e1rio aprender a caminhar nele\u2026 Encantava-me o desporto, por\u00e9m este chamamento incrivelmente forte dizia-me que era preciso seguir por outro caminho.<\/br><\/br><\/p>\n<hr>\n<p><\/br><\/p>\n<p><strong>Era chegada a hora de acender a l\u00e2mpada que ainda permanecia escondida dentro de mim, a l\u00e2mpada de uma felicidade aut\u00eantica que me iluminava o caminho para o qual era chamada.<\/strong><\/br><\/br><br \/>\nEra tempo de descal\u00e7ar as chuteiras e trocar a paix\u00e3o dos relvados pela PAIX\u00c3O de Jesus. Aprender com Ele a ser peregrina num tempo e espa\u00e7o onde, quando o amor se faz presente, nos faz experimentar fragmentos de eternidade.<\/br><\/br><br \/>\n     O que me cativou nesta Congrega\u00e7\u00e3o foi o testemunho das irm\u00e3s com quem convivi, a alegria e entrega total de cada uma delas \u00e0 causa na sua autenticidade. Assim, de meados de julho a setembro de 2005 dediquei-me totalmente \u00e0queles que mais amava, n\u00e3o lhes comunicando, ainda, a minha decis\u00e3o, mas preparando-os para a grande surpresa. Muitos s\u00f3 o souberam depois de eu me juntar \u00e0s minhas irm\u00e3s. Em setembro entrava para a Congrega\u00e7\u00e3o.<\/br><br \/>\n<i> Atrav\u00e9s do Cora\u00e7\u00e3o Imaculado da Virgem Maria, nossa M\u00e3e, hoje compreendo o que \u00e9 deixar-se ferir por um amor maior quando se olha para Aquele que, porque me amou at\u00e9 ao extremo, se deixou crucificar vivendo a sua PAIX\u00c3O por mim.<\/i><\/p05><\/br><\/br>\n<\/div>\n<style>\n<p>  .text-irmas{\n    padding:5% 5%;\n    text-align: left;\n  text-justify: inter-word;\n  }\n  p05{\n    font-family:Montserrat;\n    font-size:15px;\n    color:Black;\n  }<\/p>\n<p>  .end{\n    padding:5% 15% 5% 15%;\n    background-color:rgba(172, 147, 93, 0.5);\n  }\n  p09{\n    font-family:Montserrat;\n    font-weight:500;\n    font-size:15px;\n    color:Black;\n    font-style:italic;\n  }\n  p10{\n    font-family:Montserrat;\n    font-weight:400;\n    font-size:20px;\n    color:#ad945d;\n  }<\/p>\n<p>    hr{\n    margin:0 30%\n  }\n<\/style>\n<p>&#8221; raw_content_last_edited=&#8221;on|phone&#8221; _builder_version=&#8221;4.27.4&#8243; _module_preset=&#8221;default&#8221; global_colors_info=&#8221;{}&#8221;]<\/p>\n<div class=\"end\"><!-- [et_pb_line_break_holder] --> <center> <i><p05>\u201cDou gra\u00e7as \u00e0quele que me confortou, Cristo Nosso Senhor, por me ter considerado digna de confian\u00e7a, pondo-me ao seu servi\u00e7o, a mim que antes fora blasfema, perseguidora e violenta. Mas alcancei miseric\u00f3rdia porque agi por ignor\u00e2ncia, sem ter f\u00e9 ainda (\u2026) Ele veio ao mundo para salvar os pecadores dos quais eu sou a primeira.\u201d (Cf. 1Tm 1, 12-15).<\/p05><\/i><\/br><\/br><!-- [et_pb_line_break_holder] --><p10>Viver a <strong>VIDA<\/strong> na plenitude de uma <strong>PAIX\u00c3O<\/strong>\u2026<\/p10><\/center><!-- [et_pb_line_break_holder] --><\/div>\n<p><!-- [et_pb_line_break_holder] --><!-- [et_pb_line_break_holder] --><\/p>\n<div class=\"text-irmas\"><!-- [et_pb_line_break_holder] -->  <p05><strong>Se eu tivesse que resumir a hist\u00f3ria da voca\u00e7\u00e3o que o Senhor escolheu para mim, numa \u00fanica palavra, seria PAIX\u00c3O.<!-- [et_pb_line_break_holder] --><\/strong><\/br><\/br><!-- [et_pb_line_break_holder] --><\/p>\n<hr>\n<p><\/br><!-- [et_pb_line_break_holder] --><i>Nela est\u00e1 contida a fragilidade do meu ser e a abertura do meu cora\u00e7\u00e3o ao sentido do seu amor e do seu mist\u00e9rio, que encontra resposta na contempla\u00e7\u00e3o de Jesus na Cruz.<\/i><\/br><\/br><!-- [et_pb_line_break_holder] -->Chamo-me Sofia Mendes e encontro-me na Alian\u00e7a de Santa Maria desde setembro de 2005. Sou natural de Constance \u2013 Marco de Canaveses \u2013 terra que me viu nascer e crescer. Sou a mais nova de quatro irm\u00e3os. Os meus pais s\u00e3o cat\u00f3licos e sempre transmitiram essa f\u00e9 a seus filhos, n\u00e3o s\u00f3 atrav\u00e9s das palavras, mas tamb\u00e9m atrav\u00e9s dos seus atos, nomeadamente pelo exemplo e testemunho que eram para n\u00f3s. Sempre nos incentivaram a ir \u00e0 missa ao fim de semana, e \u00e0 catequese n\u00e3o se podia faltar!<!-- [et_pb_line_break_holder] --><\/br><\/br><!-- [et_pb_line_break_holder] -->     Era uma crian\u00e7a muito sossegada e tranquila. Por\u00e9m, com a chegada da adolesc\u00eancia, tornei-me um pouco rebelde. Posso at\u00e9 dizer que, desde a escola prim\u00e1ria, esta rebeldia vinha crescendo no meu interior. No 2\u00ba ciclo, passava os meus tempos livres essencialmente a jogar futebol, t\u00e9nis de mesa ou matraquilhos com colegas que, por vezes, desconhecia. Como se dizia na altura era uma \u2018maria-rapaz\u2019. Era alegre e vivia a vida sempre em busca de aventura. Mas tinha outros passatempos. Gostava muito de ler. Lia qualquer livro, independentemente do seu tema. Gostava de conhecer novos autores e as suas formas de escrever. Mas tamb\u00e9m ouvia m\u00fasica, via filmes\u2026 Contudo, a vida n\u00e3o se baseia apenas naquilo de que gostamos, h\u00e1 tamb\u00e9m aqueles momentos dif\u00edceis ou, de outra forma, a vida n\u00e3o seria vida. \u00c9, tamb\u00e9m, com tais momentos que aprendemos a crescer.<!-- [et_pb_line_break_holder] --><\/br><\/br><!-- [et_pb_line_break_holder] -->     A dada altura iniciei uma nova aventura \u2013 a do desporto. Mas \u00e0 medida que mais me aventurava nesta nova fase, mais a viv\u00eancia do ser crist\u00e3o come\u00e7ou a ficar para tr\u00e1s; a t\u00edtulo de exemplo, digo que somente frequentava a catequese para receber o sacramento do Crisma e poder ser madrinha. Cheguei a ser ac\u00f3lita e ia \u00e0 missa todos os domingos, mas estava l\u00e1, desculpem-me a express\u00e3o, s\u00f3 de \u2018corpo presente\u2019. N\u00e3o queria saber da Igreja. Deus era Algu\u00e9m que existia, a quem eu recorria somente para pedir, mas por Quem n\u00e3o tinha uma grande amizade. Perdoem-me a compara\u00e7\u00e3o, mas era como precisar de alguma comida e ir ao supermercado. Se l\u00e1 tiver o que queremos, tudo bem, se n\u00e3o, resolvemos de outra forma. Acreditava que existia Deus, mas n\u00e3o vivia nem a f\u00e9 nem os ensinamentos da Igreja.<!-- [et_pb_line_break_holder] --><\/br><\/br><!-- [et_pb_line_break_holder] -->     Em setembro de 2004, surgiu a oportunidade de jogar pelo FC do Marco. Realizava o meu sonho de crian\u00e7a \u2013 ser jogadora de futebol. Nesta altura estava no 11\u00ba ano. Em outubro, tive que tomar uma decis\u00e3o. Ou continuava os estudos ou escolhia o desporto, pois os meus pais n\u00e3o conseguiam pagar as despesas da escola e as do desporto. Foi assim que optei pelo desporto e fui trabalhar. No ano seguinte, em mar\u00e7o, fui chamada \u00e0 Sele\u00e7\u00e3o de Futebol Sub-18. N\u00e3o podia acreditar\u2026 Um sonho sempre desejado e\u2026 ent\u00e3o alcan\u00e7ado.<\/br><\/br><!-- [et_pb_line_break_holder] --><!-- [et_pb_line_break_holder] -->Mas tive que adiar esse sonho, pois Algu\u00e9m irrompeu na minha vida <!-- [et_pb_line_break_holder] -->e destruiu a seguran\u00e7a dos meus passos.<!-- [et_pb_line_break_holder] --><!-- [et_pb_line_break_holder] --><\/br><\/br><!-- [et_pb_line_break_holder] -->Um campo de f\u00e9rias organizado pela Congrega\u00e7\u00e3o da Alian\u00e7a de Santa Maria, cuja miss\u00e3o j\u00e1 conhecia devido a umas confer\u00eancias que fizeram na minha terra e \u00e0s quais, sem perceber muito bem o porqu\u00ea n\u00e3o faltei, deixando inclusive alguns treinos para tr\u00e1s, <strong>foi o instrumento que Deus utilizou para me despertar para Ele.<\/strong> Curiosamente, na v\u00e9spera deste campo de f\u00e9rias foi-me apresentada uma proposta para jogar t\u00e9nis. Iria iniciar uma nova \u00e9poca desportiva, conciliando o futebol e o t\u00e9nis, logo que regressasse desse campo; assim julgava eu\u2026 Assim sendo, l\u00e1 fui eu com duas amigas para esse campo de f\u00e9rias, embora n\u00e3o fosse do meu agrado. Ia, porque a amizade, por vezes, fala mais alto do que os nossos pr\u00f3prios gostos. No entanto, quando tomei consci\u00eancia do ato em si, s\u00f3 me apetecia fugir daquele lugar. Interrogava-me como tinha trocado tudo (fam\u00edlia, amigos, desporto) por uma semana com Deus.<!-- [et_pb_line_break_holder] --><\/br><\/br><!-- [et_pb_line_break_holder] -->O ch\u00e3o parecia escapar-me debaixo dos p\u00e9s.<!-- [et_pb_line_break_holder] --><!-- [et_pb_line_break_holder] --><\/br><\/br><!-- [et_pb_line_break_holder] -->Foi uma semana diferente de todas as que tinha vivido at\u00e9 \u00e0quela data. Semana, onde o Senhor me chamava para Ele. A minha alma estremeceu, quando me percebi <strong>tocada pela sua Gra\u00e7a<\/strong>, mergulhada na sua PAIX\u00c3O. No dia em que senti o chamamento, n\u00e3o sabia o que fazer. O que decidir?<!-- [et_pb_line_break_holder] --><\/br><\/br><!-- [et_pb_line_break_holder] -->Era necess\u00e1rio tomar uma decis\u00e3o. Sentia medo, mas havia algo mais forte do que esse medo.<!-- [et_pb_line_break_holder] -->Deus chama, contudo n\u00e3o for\u00e7a ningu\u00e9m.<!-- [et_pb_line_break_holder] --><\/br><\/br><!-- [et_pb_line_break_holder] -->Deixa a cada um a plena liberdade de aceitar ou n\u00e3o o seu convite a tal chamamento. Em l\u00e1grimas disse-Lhe que SIM. N\u00e3o poderia adiar mais o seu chamamento. Sentia-me cativada por Ele. N\u00e3o me foi f\u00e1cil deixar todo esse mundo desportivo e, principalmente, dizer \u00e0 minha fam\u00edlia que a minha vida iria mudar a 180 graus. S\u00f3 uma \u201cmaluca\u201d \u00e9 que poderia fazer tal coisa. E eu fui uma delas. Dei esse passo apoiada unicamente numa f\u00e9 fr\u00e1gil. Se o caminho seria esse, era necess\u00e1rio aprender a caminhar nele\u2026 Encantava-me o desporto, por\u00e9m este chamamento incrivelmente forte dizia-me que era preciso seguir por outro caminho.<\/br><\/br><!-- [et_pb_line_break_holder] --><\/p>\n<hr>\n<p><\/br><\/br><!-- [et_pb_line_break_holder] --><!-- [et_pb_line_break_holder] --><strong>Era chegada a hora de acender a l\u00e2mpada que ainda permanecia escondida dentro de mim, a l\u00e2mpada de uma felicidade aut\u00eantica que me iluminava o caminho para o qual era chamada.<\/strong><\/br><\/br><!-- [et_pb_line_break_holder] --><!-- [et_pb_line_break_holder] -->Era tempo de descal\u00e7ar as chuteiras e trocar a paix\u00e3o dos relvados pela PAIX\u00c3O de Jesus. Aprender com Ele a ser peregrina num tempo e espa\u00e7o onde, quando o amor se faz presente, nos faz experimentar fragmentos de eternidade.<!-- [et_pb_line_break_holder] --><\/br><\/br><!-- [et_pb_line_break_holder] -->     O que me cativou nesta Congrega\u00e7\u00e3o foi o testemunho das irm\u00e3s com quem convivi, a alegria e entrega total de cada uma delas \u00e0 causa na sua autenticidade. Assim, de meados de julho a setembro de 2005 dediquei-me totalmente \u00e0queles que mais amava, n\u00e3o lhes comunicando, ainda, a minha decis\u00e3o, mas preparando-os para a grande surpresa. Muitos s\u00f3 o souberam depois de eu me juntar \u00e0s minhas irm\u00e3s. Em setembro entrava para a Congrega\u00e7\u00e3o.<!-- [et_pb_line_break_holder] --><\/br><\/br><!-- [et_pb_line_break_holder] --><i> Atrav\u00e9s do Cora\u00e7\u00e3o Imaculado da Virgem Maria, nossa M\u00e3e, hoje compreendo o que \u00e9 deixar-se ferir por um amor maior quando se olha para Aquele que, porque me amou at\u00e9 ao extremo, se deixou crucificar vivendo a sua PAIX\u00c3O por mim.<\/i><\/p05><\/br><\/br><!-- [et_pb_line_break_holder] --><\/div>\n<p><!-- [et_pb_line_break_holder] --><!-- [et_pb_line_break_holder] --><!-- [et_pb_line_break_holder] --><!-- [et_pb_line_break_holder] --><!-- [et_pb_line_break_holder] --><\/p>\n<style><!-- [et_pb_line_break_holder] --><!-- [et_pb_line_break_holder] -->  .text-irmas{<!-- [et_pb_line_break_holder] -->    padding:5% 15%;<!-- [et_pb_line_break_holder] -->    text-align: left;<!-- [et_pb_line_break_holder] -->  text-justify: inter-word;<!-- [et_pb_line_break_holder] -->  }<!-- [et_pb_line_break_holder] -->  p05{<!-- [et_pb_line_break_holder] -->    font-family:Montserrat;<!-- [et_pb_line_break_holder] -->    font-size:18px;<!-- [et_pb_line_break_holder] -->    color:Black;<!-- [et_pb_line_break_holder] -->  }<!-- [et_pb_line_break_holder] --> <!-- [et_pb_line_break_holder] -->  .end{<!-- [et_pb_line_break_holder] -->    padding:5% 15% 5% 15%;<!-- [et_pb_line_break_holder] -->    background-color:rgba(172, 147, 93, 0.5);<!-- [et_pb_line_break_holder] -->  }<!-- [et_pb_line_break_holder] --><!-- [et_pb_line_break_holder] -->    hr{<!-- [et_pb_line_break_holder] -->    margin:0 30%<!-- [et_pb_line_break_holder] -->  }<!-- [et_pb_line_break_holder] -->   p10{<!-- [et_pb_line_break_holder] -->    font-family:Montserrat;<!-- [et_pb_line_break_holder] -->    font-weight:400;<!-- [et_pb_line_break_holder] -->    font-size:40px;<!-- [et_pb_line_break_holder] -->    color:#ad945d;<!-- [et_pb_line_break_holder] -->    line-height:1.2<!-- [et_pb_line_break_holder] -->  }<!-- [et_pb_line_break_holder] --><!-- [et_pb_line_break_holder] --><\/style>\n<p>[\/et_pb_code][\/et_pb_column][\/et_pb_row][\/et_pb_section]<\/p>\n","protected":false},"excerpt":{"rendered":"","protected":false},"author":1,"featured_media":1480,"parent":0,"menu_order":0,"comment_status":"closed","ping_status":"closed","template":"","meta":{"_et_pb_use_builder":"on","_et_pb_old_content":"","_et_gb_content_width":"","inline_featured_image":false,"footnotes":""},"class_list":["post-1478","page","type-page","status-publish","has-post-thumbnail","hentry"],"_links":{"self":[{"href":"https:\/\/asmaria.org\/it\/wp-json\/wp\/v2\/pages\/1478","targetHints":{"allow":["GET"]}}],"collection":[{"href":"https:\/\/asmaria.org\/it\/wp-json\/wp\/v2\/pages"}],"about":[{"href":"https:\/\/asmaria.org\/it\/wp-json\/wp\/v2\/types\/page"}],"author":[{"embeddable":true,"href":"https:\/\/asmaria.org\/it\/wp-json\/wp\/v2\/users\/1"}],"replies":[{"embeddable":true,"href":"https:\/\/asmaria.org\/it\/wp-json\/wp\/v2\/comments?post=1478"}],"version-history":[{"count":29,"href":"https:\/\/asmaria.org\/it\/wp-json\/wp\/v2\/pages\/1478\/revisions"}],"predecessor-version":[{"id":4719,"href":"https:\/\/asmaria.org\/it\/wp-json\/wp\/v2\/pages\/1478\/revisions\/4719"}],"wp:featuredmedia":[{"embeddable":true,"href":"https:\/\/asmaria.org\/it\/wp-json\/wp\/v2\/media\/1480"}],"wp:attachment":[{"href":"https:\/\/asmaria.org\/it\/wp-json\/wp\/v2\/media?parent=1478"}],"curies":[{"name":"wp","href":"https:\/\/api.w.org\/{rel}","templated":true}]}}